{"id":143,"date":"2021-03-15T15:08:01","date_gmt":"2021-03-15T15:08:01","guid":{"rendered":"https:\/\/laines-aux-bois.fr\/?page_id=143"},"modified":"2022-03-07T15:15:30","modified_gmt":"2022-03-07T15:15:30","slug":"vos-demarches","status":"publish","type":"page","link":"https:\/\/laines-aux-bois.fr\/?page_id=143","title":{"rendered":"Vos d\u00e9marches"},"content":{"rendered":"<p>[et_pb_section fb_built=\u00a0\u00bb1&Prime; _builder_version=\u00a0\u00bb4.9.3&Prime; _module_preset=\u00a0\u00bbdefault\u00a0\u00bb background_color=\u00a0\u00bb#FFFFFF\u00a0\u00bb custom_padding=\u00a0\u00bb0px||0px||true|false\u00a0\u00bb global_colors_info=\u00a0\u00bb{}\u00a0\u00bb][et_pb_row _builder_version=\u00a0\u00bb4.9.3&Prime; _module_preset=\u00a0\u00bbdefault\u00a0\u00bb background_color=\u00a0\u00bb#29176D\u00a0\u00bb global_colors_info=\u00a0\u00bb{}\u00a0\u00bb][et_pb_column type=\u00a0\u00bb4_4&Prime; _builder_version=\u00a0\u00bb4.9.3&Prime; _module_preset=\u00a0\u00bbdefault\u00a0\u00bb global_colors_info=\u00a0\u00bb{}\u00a0\u00bb][et_pb_text _builder_version=\u00a0\u00bb4.9.3&Prime; _module_preset=\u00a0\u00bbdefault\u00a0\u00bb header_text_align=\u00a0\u00bbcenter\u00a0\u00bb header_text_color=\u00a0\u00bb#FFFFFF\u00a0\u00bb global_colors_info=\u00a0\u00bb{}\u00a0\u00bb]<\/p>\n<h1 style=\"text-align: center;\">Vos d\u00e9marches<\/h1>\n<p>[\/et_pb_text][\/et_pb_column][\/et_pb_row][et_pb_row _builder_version=\u00a0\u00bb4.9.3&Prime; _module_preset=\u00a0\u00bbdefault\u00a0\u00bb global_colors_info=\u00a0\u00bb{}\u00a0\u00bb][et_pb_column type=\u00a0\u00bb4_4&Prime; _builder_version=\u00a0\u00bb4.9.3&Prime; _module_preset=\u00a0\u00bbdefault\u00a0\u00bb global_colors_info=\u00a0\u00bb{}\u00a0\u00bb][et_pb_text _builder_version=\u00a0\u00bb4.9.3&Prime; _module_preset=\u00a0\u00bbdefault\u00a0\u00bb header_2_text_align=\u00a0\u00bbcenter\u00a0\u00bb global_colors_info=\u00a0\u00bb{}\u00a0\u00bb]<\/p>\n<h2><span style=\"text-decoration: underline;\">Les \u00e9v\u00e8nements de la vie<\/span><\/h2>\n<p>[\/et_pb_text][\/et_pb_column][\/et_pb_row][et_pb_row _builder_version=\u00a0\u00bb4.9.3&Prime; _module_preset=\u00a0\u00bbdefault\u00a0\u00bb custom_margin=\u00a0\u00bb0px||0px||true|false\u00a0\u00bb custom_padding=\u00a0\u00bb0px||0px||true|false\u00a0\u00bb global_colors_info=\u00a0\u00bb{}\u00a0\u00bb][et_pb_column type=\u00a0\u00bb4_4&Prime; _builder_version=\u00a0\u00bb4.9.3&Prime; _module_preset=\u00a0\u00bbdefault\u00a0\u00bb global_colors_info=\u00a0\u00bb{}\u00a0\u00bb][et_pb_text _builder_version=\u00a0\u00bb4.9.3&Prime; _module_preset=\u00a0\u00bbdefault\u00a0\u00bb global_colors_info=\u00a0\u00bb{}\u00a0\u00bb]<\/p>\n<h3>Papiers d&rsquo;identit\u00e9<\/h3>\n<p>[\/et_pb_text][\/et_pb_column][\/et_pb_row][et_pb_row column_structure=\u00a0\u00bb1_3,1_3,1_3&Prime; _builder_version=\u00a0\u00bb4.9.3&Prime; _module_preset=\u00a0\u00bbdefault\u00a0\u00bb global_colors_info=\u00a0\u00bb{}\u00a0\u00bb][et_pb_column type=\u00a0\u00bb1_3&Prime; _builder_version=\u00a0\u00bb4.9.3&Prime; _module_preset=\u00a0\u00bbdefault\u00a0\u00bb global_colors_info=\u00a0\u00bb{}\u00a0\u00bb][et_pb_text _builder_version=\u00a0\u00bb4.9.3&Prime; _module_preset=\u00a0\u00bbdefault\u00a0\u00bb header_4_text_align=\u00a0\u00bbcenter\u00a0\u00bb custom_margin=\u00a0\u00bb0px||0px||true|false\u00a0\u00bb global_colors_info=\u00a0\u00bb{}\u00a0\u00bb]<\/p>\n<h4>Carte d&rsquo;identit\u00e9<\/h4>\n<p>[\/et_pb_text][et_pb_image src=\u00a0\u00bbhttps:\/\/laines-aux-bois.fr\/wp-content\/uploads\/2021\/04\/carte-identite.jpg\u00a0\u00bb title_text=\u00a0\u00bbcarte-identite\u00a0\u00bb align=\u00a0\u00bbcenter\u00a0\u00bb align_tablet=\u00a0\u00bb\u00a0\u00bb align_phone=\u00a0\u00bb\u00a0\u00bb align_last_edited=\u00a0\u00bbon|desktop\u00a0\u00bb _builder_version=\u00a0\u00bb4.9.3&Prime; _module_preset=\u00a0\u00bbdefault\u00a0\u00bb max_width=\u00a0\u00bb80%\u00a0\u00bb max_width_tablet=\u00a0\u00bb\u00a0\u00bb max_width_phone=\u00a0\u00bb\u00a0\u00bb max_width_last_edited=\u00a0\u00bbon|phone\u00a0\u00bb module_alignment=\u00a0\u00bbcenter\u00a0\u00bb module_alignment_tablet=\u00a0\u00bbcenter\u00a0\u00bb module_alignment_phone=\u00a0\u00bb\u00a0\u00bb module_alignment_last_edited=\u00a0\u00bbon|tablet\u00a0\u00bb global_colors_info=\u00a0\u00bb{}\u00a0\u00bb][\/et_pb_image][et_pb_text _builder_version=\u00a0\u00bb4.9.3&Prime; _module_preset=\u00a0\u00bbdefault\u00a0\u00bb global_colors_info=\u00a0\u00bb{}\u00a0\u00bb]<\/p>\n<p style=\"text-align: center;\"><a href=\"https:\/\/www.service-public.fr\/particuliers\/vosdroits\/N358\" target=\"_blank\" rel=\"noopener\"><span style=\"text-decoration: underline;\">Demande de carte d&rsquo;identit\u00e9<\/span><\/a><\/p>\n<p>[\/et_pb_text][\/et_pb_column][et_pb_column type=\u00a0\u00bb1_3&Prime; _builder_version=\u00a0\u00bb4.9.3&Prime; _module_preset=\u00a0\u00bbdefault\u00a0\u00bb global_colors_info=\u00a0\u00bb{}\u00a0\u00bb][et_pb_text _builder_version=\u00a0\u00bb4.9.3&Prime; _module_preset=\u00a0\u00bbdefault\u00a0\u00bb header_4_text_align=\u00a0\u00bbcenter\u00a0\u00bb custom_margin=\u00a0\u00bb0px||0px||true|false\u00a0\u00bb global_colors_info=\u00a0\u00bb{}\u00a0\u00bb]<\/p>\n<h4>Passeport<\/h4>\n<p>[\/et_pb_text][et_pb_image src=\u00a0\u00bbhttps:\/\/laines-aux-bois.fr\/wp-content\/uploads\/2021\/04\/passeport.jpg\u00a0\u00bb title_text=\u00a0\u00bbpasseport\u00a0\u00bb _builder_version=\u00a0\u00bb4.9.3&Prime; _module_preset=\u00a0\u00bbdefault\u00a0\u00bb max_width_tablet=\u00a0\u00bb70%\u00a0\u00bb max_width_phone=\u00a0\u00bb100%\u00a0\u00bb max_width_last_edited=\u00a0\u00bbon|desktop\u00a0\u00bb module_alignment=\u00a0\u00bbcenter\u00a0\u00bb global_colors_info=\u00a0\u00bb{}\u00a0\u00bb][\/et_pb_image][et_pb_text _builder_version=\u00a0\u00bb4.9.3&Prime; _module_preset=\u00a0\u00bbdefault\u00a0\u00bb global_colors_info=\u00a0\u00bb{}\u00a0\u00bb]<\/p>\n<p style=\"text-align: center;\"><a href=\"https:\/\/www.service-public.fr\/particuliers\/vosdroits\/N360\" target=\"_blank\" rel=\"noopener\"><span style=\"text-decoration: underline;\">Demande de passeport<\/span><\/a><\/p>\n<p>[\/et_pb_text][\/et_pb_column][et_pb_column type=\u00a0\u00bb1_3&Prime; _builder_version=\u00a0\u00bb4.9.3&Prime; _module_preset=\u00a0\u00bbdefault\u00a0\u00bb global_colors_info=\u00a0\u00bb{}\u00a0\u00bb][et_pb_text _builder_version=\u00a0\u00bb4.9.3&Prime; _module_preset=\u00a0\u00bbdefault\u00a0\u00bb header_4_text_align=\u00a0\u00bbcenter\u00a0\u00bb custom_margin=\u00a0\u00bb0px||0px||true|false\u00a0\u00bb global_colors_info=\u00a0\u00bb{}\u00a0\u00bb]<\/p>\n<h4>Sortie de territoire pour les mineurs<\/h4>\n<p>[\/et_pb_text][et_pb_image src=\u00a0\u00bbhttps:\/\/laines-aux-bois.fr\/wp-content\/uploads\/2021\/04\/sortie-territoire.png\u00a0\u00bb title_text=\u00a0\u00bbsortie-territoire\u00a0\u00bb align=\u00a0\u00bbcenter\u00a0\u00bb align_tablet=\u00a0\u00bb\u00a0\u00bb align_phone=\u00a0\u00bb\u00a0\u00bb align_last_edited=\u00a0\u00bbon|phone\u00a0\u00bb _builder_version=\u00a0\u00bb4.9.3&Prime; _module_preset=\u00a0\u00bbdefault\u00a0\u00bb width_tablet=\u00a0\u00bb\u00a0\u00bb width_phone=\u00a0\u00bb\u00a0\u00bb width_last_edited=\u00a0\u00bbon|phone\u00a0\u00bb max_width=\u00a0\u00bb80%\u00a0\u00bb max_width_tablet=\u00a0\u00bb\u00a0\u00bb max_width_phone=\u00a0\u00bb100%\u00a0\u00bb max_width_last_edited=\u00a0\u00bbon|tablet\u00a0\u00bb module_alignment=\u00a0\u00bbcenter\u00a0\u00bb global_colors_info=\u00a0\u00bb{}\u00a0\u00bb][\/et_pb_image][et_pb_text _builder_version=\u00a0\u00bb4.9.3&Prime; _module_preset=\u00a0\u00bbdefault\u00a0\u00bb global_colors_info=\u00a0\u00bb{}\u00a0\u00bb]<\/p>\n<p style=\"text-align: center;\"><a href=\"https:\/\/www.service-public.fr\/particuliers\/vosdroits\/F1359\" target=\"_blank\" rel=\"noopener\"><span style=\"text-decoration: underline;\">Demande d&rsquo;autorisation<\/span><\/a><\/p>\n<p style=\"text-align: center;\"><span style=\"text-decoration: underline;\"><a href=\"https:\/\/www.formulaires.service-public.fr\/gf\/cerfa_15646.do\" target=\"_blank\" rel=\"noopener\">Formulaire \u00e0 t\u00e9l\u00e9charger<\/a><\/span><\/p>\n<p>[\/et_pb_text][\/et_pb_column][\/et_pb_row][et_pb_row _builder_version=\u00a0\u00bb4.9.3&Prime; _module_preset=\u00a0\u00bbdefault\u00a0\u00bb custom_margin=\u00a0\u00bb0px||0px||true|false\u00a0\u00bb custom_padding=\u00a0\u00bb0px||0px||true|false\u00a0\u00bb global_colors_info=\u00a0\u00bb{}\u00a0\u00bb][et_pb_column type=\u00a0\u00bb4_4&Prime; _builder_version=\u00a0\u00bb4.9.3&Prime; _module_preset=\u00a0\u00bbdefault\u00a0\u00bb global_colors_info=\u00a0\u00bb{}\u00a0\u00bb][et_pb_text _builder_version=\u00a0\u00bb4.9.3&Prime; _module_preset=\u00a0\u00bbdefault\u00a0\u00bb global_colors_info=\u00a0\u00bb{}\u00a0\u00bb]<\/p>\n<h3>Etat civil<\/h3>\n<p>[\/et_pb_text][\/et_pb_column][\/et_pb_row][et_pb_row column_structure=\u00a0\u00bb1_4,1_4,1_4,1_4&Prime; _builder_version=\u00a0\u00bb4.9.3&Prime; _module_preset=\u00a0\u00bbdefault\u00a0\u00bb global_colors_info=\u00a0\u00bb{}\u00a0\u00bb][et_pb_column type=\u00a0\u00bb1_4&Prime; _builder_version=\u00a0\u00bb4.9.3&Prime; _module_preset=\u00a0\u00bbdefault\u00a0\u00bb global_colors_info=\u00a0\u00bb{}\u00a0\u00bb][et_pb_text _builder_version=\u00a0\u00bb4.9.3&Prime; _module_preset=\u00a0\u00bbdefault\u00a0\u00bb header_4_text_align=\u00a0\u00bbcenter\u00a0\u00bb custom_margin=\u00a0\u00bb0px||0px||true|false\u00a0\u00bb global_colors_info=\u00a0\u00bb{}\u00a0\u00bb]<\/p>\n<h4>Naissance<\/h4>\n<p>[\/et_pb_text][et_pb_image src=\u00a0\u00bbhttps:\/\/laines-aux-bois.fr\/wp-content\/uploads\/2021\/04\/naissance.png\u00a0\u00bb title_text=\u00a0\u00bbnaissance\u00a0\u00bb align=\u00a0\u00bbcenter\u00a0\u00bb align_tablet=\u00a0\u00bb\u00a0\u00bb align_phone=\u00a0\u00bb\u00a0\u00bb align_last_edited=\u00a0\u00bbon|desktop\u00a0\u00bb _builder_version=\u00a0\u00bb4.9.3&Prime; _module_preset=\u00a0\u00bbdefault\u00a0\u00bb max_width=\u00a0\u00bb80%\u00a0\u00bb max_width_tablet=\u00a0\u00bb\u00a0\u00bb max_width_phone=\u00a0\u00bb\u00a0\u00bb max_width_last_edited=\u00a0\u00bbon|phone\u00a0\u00bb module_alignment=\u00a0\u00bbcenter\u00a0\u00bb module_alignment_tablet=\u00a0\u00bbcenter\u00a0\u00bb module_alignment_phone=\u00a0\u00bb\u00a0\u00bb module_alignment_last_edited=\u00a0\u00bbon|tablet\u00a0\u00bb global_colors_info=\u00a0\u00bb{}\u00a0\u00bb][\/et_pb_image][et_pb_text _builder_version=\u00a0\u00bb4.9.4&Prime; _module_preset=\u00a0\u00bbdefault\u00a0\u00bb global_colors_info=\u00a0\u00bb{}\u00a0\u00bb]<\/p>\n<p style=\"text-align: center;\"><a href=\"https:\/\/www.service-public.fr\/particuliers\/vosdroits\/F961\" target=\"_blank\" rel=\"noopener\"><span style=\"text-decoration: underline;\">D\u00e9claration de naissance<\/span><\/a><\/p>\n<p style=\"text-align: center;\"><a href=\"https:\/\/www.service-public.fr\/particuliers\/vosdroits\/F1427\" target=\"_blank\" rel=\"noopener\"><span style=\"text-decoration: underline;\">Acte de naissance<\/span><\/a><\/p>\n<p style=\"text-align: center;\"><a href=\"https:\/\/www.ofpra.gouv.fr\/fr\/detail\/acte\/acteNaissance\/edit.html\" target=\"_blank\" rel=\"noopener\"><span style=\"text-decoration: underline;\">Formulaire d&rsquo;\u00e9tat civil<\/span><\/a><\/p>\n<p>[\/et_pb_text][\/et_pb_column][et_pb_column type=\u00a0\u00bb1_4&Prime; _builder_version=\u00a0\u00bb4.9.3&Prime; _module_preset=\u00a0\u00bbdefault\u00a0\u00bb global_colors_info=\u00a0\u00bb{}\u00a0\u00bb][et_pb_text _builder_version=\u00a0\u00bb4.9.3&Prime; _module_preset=\u00a0\u00bbdefault\u00a0\u00bb header_4_text_align=\u00a0\u00bbcenter\u00a0\u00bb custom_margin=\u00a0\u00bb0px||0px||true|false\u00a0\u00bb global_colors_info=\u00a0\u00bb{}\u00a0\u00bb]<\/p>\n<h4>Mariage, PACS, Bapt\u00eame<\/h4>\n<p>[\/et_pb_text][et_pb_image src=\u00a0\u00bbhttps:\/\/laines-aux-bois.fr\/wp-content\/uploads\/2021\/04\/mariage.png\u00a0\u00bb title_text=\u00a0\u00bbmariage\u00a0\u00bb align=\u00a0\u00bbcenter\u00a0\u00bb _builder_version=\u00a0\u00bb4.9.3&Prime; _module_preset=\u00a0\u00bbdefault\u00a0\u00bb max_width=\u00a0\u00bb80%\u00a0\u00bb max_width_tablet=\u00a0\u00bb70%\u00a0\u00bb max_width_phone=\u00a0\u00bb100%\u00a0\u00bb max_width_last_edited=\u00a0\u00bbon|desktop\u00a0\u00bb module_alignment=\u00a0\u00bbcenter\u00a0\u00bb global_colors_info=\u00a0\u00bb{}\u00a0\u00bb][\/et_pb_image][et_pb_text _builder_version=\u00a0\u00bb4.9.3&Prime; _module_preset=\u00a0\u00bbdefault\u00a0\u00bb global_colors_info=\u00a0\u00bb{}\u00a0\u00bb]<\/p>\n<p style=\"text-align: center;\"><a href=\"https:\/\/www.service-public.fr\/particuliers\/vosdroits\/F1432\" target=\"_blank\" rel=\"noopener\"><span style=\"text-decoration: underline;\">Acte de mariage<\/span><\/a><\/p>\n<p>[\/et_pb_text][\/et_pb_column][et_pb_column type=\u00a0\u00bb1_4&Prime; _builder_version=\u00a0\u00bb4.9.3&Prime; _module_preset=\u00a0\u00bbdefault\u00a0\u00bb global_colors_info=\u00a0\u00bb{}\u00a0\u00bb][et_pb_text _builder_version=\u00a0\u00bb4.9.3&Prime; _module_preset=\u00a0\u00bbdefault\u00a0\u00bb header_4_text_align=\u00a0\u00bbcenter\u00a0\u00bb custom_margin=\u00a0\u00bb0px||0px||true|false\u00a0\u00bb global_colors_info=\u00a0\u00bb{}\u00a0\u00bb]<\/p>\n<h4>D\u00e9c\u00e8s<\/h4>\n<p>[\/et_pb_text][et_pb_image src=\u00a0\u00bbhttps:\/\/laines-aux-bois.fr\/wp-content\/uploads\/2021\/04\/deces.png\u00a0\u00bb title_text=\u00a0\u00bbdeces\u00a0\u00bb align=\u00a0\u00bbcenter\u00a0\u00bb align_tablet=\u00a0\u00bb\u00a0\u00bb align_phone=\u00a0\u00bb\u00a0\u00bb align_last_edited=\u00a0\u00bbon|phone\u00a0\u00bb _builder_version=\u00a0\u00bb4.9.3&Prime; _module_preset=\u00a0\u00bbdefault\u00a0\u00bb width_tablet=\u00a0\u00bb\u00a0\u00bb width_phone=\u00a0\u00bb\u00a0\u00bb width_last_edited=\u00a0\u00bbon|phone\u00a0\u00bb max_width=\u00a0\u00bb80%\u00a0\u00bb max_width_tablet=\u00a0\u00bb\u00a0\u00bb max_width_phone=\u00a0\u00bb100%\u00a0\u00bb max_width_last_edited=\u00a0\u00bbon|tablet\u00a0\u00bb module_alignment=\u00a0\u00bbcenter\u00a0\u00bb global_colors_info=\u00a0\u00bb{}\u00a0\u00bb][\/et_pb_image][et_pb_text _builder_version=\u00a0\u00bb4.9.3&Prime; _module_preset=\u00a0\u00bbdefault\u00a0\u00bb global_colors_info=\u00a0\u00bb{}\u00a0\u00bb]<\/p>\n<p style=\"text-align: center;\"><a href=\"https:\/\/www.service-public.fr\/particuliers\/vosdroits\/F1444\" target=\"_blank\" rel=\"noopener\"><span style=\"text-decoration: underline;\">Acte de d\u00e9c\u00e8s<\/span><\/a><\/p>\n<p>[\/et_pb_text][\/et_pb_column][et_pb_column type=\u00a0\u00bb1_4&Prime; _builder_version=\u00a0\u00bb4.9.3&Prime; _module_preset=\u00a0\u00bbdefault\u00a0\u00bb global_colors_info=\u00a0\u00bb{}\u00a0\u00bb][et_pb_text _builder_version=\u00a0\u00bb4.9.4&Prime; _module_preset=\u00a0\u00bbdefault\u00a0\u00bb header_4_text_align=\u00a0\u00bbcenter\u00a0\u00bb custom_margin=\u00a0\u00bb0px||0px||true|false\u00a0\u00bb global_colors_info=\u00a0\u00bb{}\u00a0\u00bb]<\/p>\n<h4>Recensement, JDC (Journ\u00e9e D\u00e9fense et Citoyennet\u00e9)<\/h4>\n<p>[\/et_pb_text][et_pb_image src=\u00a0\u00bbhttps:\/\/laines-aux-bois.fr\/wp-content\/uploads\/2021\/04\/recencement.png\u00a0\u00bb title_text=\u00a0\u00bbrecencement\u00a0\u00bb align=\u00a0\u00bbcenter\u00a0\u00bb align_tablet=\u00a0\u00bb\u00a0\u00bb align_phone=\u00a0\u00bb\u00a0\u00bb align_last_edited=\u00a0\u00bbon|phone\u00a0\u00bb _builder_version=\u00a0\u00bb4.9.3&Prime; _module_preset=\u00a0\u00bbdefault\u00a0\u00bb width_tablet=\u00a0\u00bb\u00a0\u00bb width_phone=\u00a0\u00bb\u00a0\u00bb width_last_edited=\u00a0\u00bbon|phone\u00a0\u00bb max_width=\u00a0\u00bb80%\u00a0\u00bb max_width_tablet=\u00a0\u00bb\u00a0\u00bb max_width_phone=\u00a0\u00bb100%\u00a0\u00bb max_width_last_edited=\u00a0\u00bbon|tablet\u00a0\u00bb module_alignment=\u00a0\u00bbcenter\u00a0\u00bb global_colors_info=\u00a0\u00bb{}\u00a0\u00bb][\/et_pb_image][et_pb_text _builder_version=\u00a0\u00bb4.9.3&Prime; _module_preset=\u00a0\u00bbdefault\u00a0\u00bb global_colors_info=\u00a0\u00bb{}\u00a0\u00bb]<\/p>\n<p style=\"text-align: center;\"><a href=\"https:\/\/presaje.sga.defense.gouv.fr\/\" target=\"_blank\" rel=\"noopener\"><span style=\"text-decoration: underline;\">Informations<\/span><\/a><\/p>\n<p style=\"text-align: center;\"><a href=\"https:\/\/www.service-public.fr\/particuliers\/vosdroits\/F1290\" target=\"_blank\" rel=\"noopener\"><span style=\"text-decoration: underline;\">Attestation<\/span><\/a><\/p>\n<p>[\/et_pb_text][\/et_pb_column][\/et_pb_row][et_pb_row _builder_version=\u00a0\u00bb4.9.3&Prime; _module_preset=\u00a0\u00bbdefault\u00a0\u00bb global_colors_info=\u00a0\u00bb{}\u00a0\u00bb][et_pb_column type=\u00a0\u00bb4_4&Prime; _builder_version=\u00a0\u00bb4.9.3&Prime; _module_preset=\u00a0\u00bbdefault\u00a0\u00bb global_colors_info=\u00a0\u00bb{}\u00a0\u00bb][et_pb_divider color=\u00a0\u00bb#29176D\u00a0\u00bb divider_weight=\u00a0\u00bb5px\u00a0\u00bb _builder_version=\u00a0\u00bb4.9.3&Prime; _module_preset=\u00a0\u00bbdefault\u00a0\u00bb global_colors_info=\u00a0\u00bb{}\u00a0\u00bb][\/et_pb_divider][\/et_pb_column][\/et_pb_row][et_pb_row _builder_version=\u00a0\u00bb4.9.3&Prime; _module_preset=\u00a0\u00bbdefault\u00a0\u00bb global_colors_info=\u00a0\u00bb{}\u00a0\u00bb][et_pb_column type=\u00a0\u00bb4_4&Prime; _builder_version=\u00a0\u00bb4.9.3&Prime; _module_preset=\u00a0\u00bbdefault\u00a0\u00bb global_colors_info=\u00a0\u00bb{}\u00a0\u00bb][et_pb_text _builder_version=\u00a0\u00bb4.9.3&Prime; _module_preset=\u00a0\u00bbdefault\u00a0\u00bb header_2_text_align=\u00a0\u00bbcenter\u00a0\u00bb global_colors_info=\u00a0\u00bb{}\u00a0\u00bb]<\/p>\n<h2><span style=\"text-decoration: underline;\">Les droits et d\u00e9marches pour les particuliers<\/span><\/h2>\n<p>[\/et_pb_text][\/et_pb_column][\/et_pb_row][et_pb_row column_structure=\u00a0\u00bb1_3,1_3,1_3&Prime; _builder_version=\u00a0\u00bb4.9.3&Prime; _module_preset=\u00a0\u00bbdefault\u00a0\u00bb global_colors_info=\u00a0\u00bb{}\u00a0\u00bb][et_pb_column type=\u00a0\u00bb1_3&Prime; _builder_version=\u00a0\u00bb4.9.3&Prime; _module_preset=\u00a0\u00bbdefault\u00a0\u00bb global_colors_info=\u00a0\u00bb{}\u00a0\u00bb][et_pb_text _builder_version=\u00a0\u00bb4.9.3&Prime; _module_preset=\u00a0\u00bbdefault\u00a0\u00bb header_4_text_align=\u00a0\u00bbcenter\u00a0\u00bb custom_margin=\u00a0\u00bb0px||0px||true|false\u00a0\u00bb global_colors_info=\u00a0\u00bb{}\u00a0\u00bb]<\/p>\n<h4>Inscription sur les listes \u00e9lectorales<\/h4>\n<p>[\/et_pb_text][et_pb_image src=\u00a0\u00bbhttps:\/\/laines-aux-bois.fr\/wp-content\/uploads\/2021\/04\/carte-electorale.png\u00a0\u00bb title_text=\u00a0\u00bbcarte-electorale\u00a0\u00bb align=\u00a0\u00bbcenter\u00a0\u00bb align_tablet=\u00a0\u00bb\u00a0\u00bb align_phone=\u00a0\u00bb\u00a0\u00bb align_last_edited=\u00a0\u00bbon|desktop\u00a0\u00bb _builder_version=\u00a0\u00bb4.9.3&Prime; _module_preset=\u00a0\u00bbdefault\u00a0\u00bb max_width=\u00a0\u00bb80%\u00a0\u00bb max_width_tablet=\u00a0\u00bb\u00a0\u00bb max_width_phone=\u00a0\u00bb\u00a0\u00bb max_width_last_edited=\u00a0\u00bbon|phone\u00a0\u00bb module_alignment=\u00a0\u00bbcenter\u00a0\u00bb module_alignment_tablet=\u00a0\u00bbcenter\u00a0\u00bb module_alignment_phone=\u00a0\u00bb\u00a0\u00bb module_alignment_last_edited=\u00a0\u00bbon|tablet\u00a0\u00bb global_colors_info=\u00a0\u00bb{}\u00a0\u00bb][\/et_pb_image][et_pb_text _builder_version=\u00a0\u00bb4.9.3&Prime; _module_preset=\u00a0\u00bbdefault\u00a0\u00bb global_colors_info=\u00a0\u00bb{}\u00a0\u00bb]<\/p>\n<p style=\"text-align: center;\"><span style=\"text-decoration: underline;\"><a href=\"https:\/\/www.service-public.fr\/particuliers\/vosdroits\/N47\" target=\"_blank\" rel=\"noopener\">Inscription<\/a><\/span><\/p>\n<p>[\/et_pb_text][\/et_pb_column][et_pb_column type=\u00a0\u00bb1_3&Prime; _builder_version=\u00a0\u00bb4.9.3&Prime; _module_preset=\u00a0\u00bbdefault\u00a0\u00bb global_colors_info=\u00a0\u00bb{}\u00a0\u00bb][et_pb_text _builder_version=\u00a0\u00bb4.9.3&Prime; _module_preset=\u00a0\u00bbdefault\u00a0\u00bb header_4_text_align=\u00a0\u00bbcenter\u00a0\u00bb custom_margin=\u00a0\u00bb0px||0px||true|false\u00a0\u00bb global_colors_info=\u00a0\u00bb{}\u00a0\u00bb]<\/p>\n<h4>Vote par procuration<\/h4>\n<p>[\/et_pb_text][et_pb_image src=\u00a0\u00bbhttps:\/\/laines-aux-bois.fr\/wp-content\/uploads\/2021\/04\/vote-procuration.png\u00a0\u00bb title_text=\u00a0\u00bbvote-procuration\u00a0\u00bb _builder_version=\u00a0\u00bb4.9.3&Prime; _module_preset=\u00a0\u00bbdefault\u00a0\u00bb max_width=\u00a0\u00bb80%\u00a0\u00bb max_width_tablet=\u00a0\u00bb70%\u00a0\u00bb max_width_phone=\u00a0\u00bb100%\u00a0\u00bb max_width_last_edited=\u00a0\u00bbon|phone\u00a0\u00bb module_alignment=\u00a0\u00bbcenter\u00a0\u00bb global_colors_info=\u00a0\u00bb{}\u00a0\u00bb][\/et_pb_image][et_pb_text _builder_version=\u00a0\u00bb4.14.6&Prime; _module_preset=\u00a0\u00bbdefault\u00a0\u00bb hover_enabled=\u00a0\u00bb0&Prime; global_colors_info=\u00a0\u00bb{}\u00a0\u00bb sticky_enabled=\u00a0\u00bb0&Prime;]<\/p>\n<p style=\"text-align: center;\"><a href=\"https:\/\/www.service-public.fr\/particuliers\/vosdroits\/F1604\" target=\"_blank\" rel=\"noopener\"><span style=\"text-decoration: underline;\">Demande de vote par procuration<\/span><\/a><\/p>\n<p style=\"text-align: center;\"><a href=\"https:\/\/laines-aux-bois.fr\/wp-content\/uploads\/2022\/03\/cob_barberey-saint-sulpice-APC-vote-par-procuration.pdf\" target=\"_blank\" rel=\"noopener\"><span style=\"text-decoration: underline;\">Elections pr\u00e9sidentielles et l\u00e9gislatives par procuration<\/span><\/a><\/p>\n<p>[\/et_pb_text][\/et_pb_column][et_pb_column type=\u00a0\u00bb1_3&Prime; _builder_version=\u00a0\u00bb4.9.3&Prime; _module_preset=\u00a0\u00bbdefault\u00a0\u00bb global_colors_info=\u00a0\u00bb{}\u00a0\u00bb][et_pb_text _builder_version=\u00a0\u00bb4.9.3&Prime; _module_preset=\u00a0\u00bbdefault\u00a0\u00bb header_4_text_align=\u00a0\u00bbcenter\u00a0\u00bb custom_margin=\u00a0\u00bb0px||0px||true|false\u00a0\u00bb global_colors_info=\u00a0\u00bb{}\u00a0\u00bb]<\/p>\n<h4>Carte grise \/ permis de conduire<\/h4>\n<p>[\/et_pb_text][et_pb_image src=\u00a0\u00bbhttps:\/\/laines-aux-bois.fr\/wp-content\/uploads\/2021\/04\/permis-conduire.png\u00a0\u00bb title_text=\u00a0\u00bbpermis-conduire\u00a0\u00bb align=\u00a0\u00bbcenter\u00a0\u00bb align_tablet=\u00a0\u00bb\u00a0\u00bb align_phone=\u00a0\u00bb\u00a0\u00bb align_last_edited=\u00a0\u00bbon|phone\u00a0\u00bb _builder_version=\u00a0\u00bb4.9.3&Prime; _module_preset=\u00a0\u00bbdefault\u00a0\u00bb width_tablet=\u00a0\u00bb\u00a0\u00bb width_phone=\u00a0\u00bb\u00a0\u00bb width_last_edited=\u00a0\u00bbon|phone\u00a0\u00bb max_width=\u00a0\u00bb80%\u00a0\u00bb max_width_tablet=\u00a0\u00bb\u00a0\u00bb max_width_phone=\u00a0\u00bb100%\u00a0\u00bb max_width_last_edited=\u00a0\u00bbon|tablet\u00a0\u00bb module_alignment=\u00a0\u00bbcenter\u00a0\u00bb global_colors_info=\u00a0\u00bb{}\u00a0\u00bb][\/et_pb_image][et_pb_text _builder_version=\u00a0\u00bb4.9.4&Prime; _module_preset=\u00a0\u00bbdefault\u00a0\u00bb global_colors_info=\u00a0\u00bb{}\u00a0\u00bb]<\/p>\n<p style=\"text-align: center;\"><a href=\"https:\/\/www.service-public.fr\/particuliers\/vosdroits\/N367\" target=\"_blank\" rel=\"noopener\"><span style=\"text-decoration: underline;\">Carte grise<\/span><\/a><\/p>\n<p style=\"text-align: center;\"><span style=\"text-decoration: underline;\"><a href=\"https:\/\/www.formulaires.service-public.fr\/gf\/cerfa_13749.do\" target=\"_blank\" rel=\"noopener\">Demande de certificat d&rsquo;immatriculation<\/a><\/span><\/p>\n<p style=\"text-align: center;\"><a href=\"https:\/\/permisdeconduire.ants.gouv.fr\/\" target=\"_blank\" rel=\"noopener\"><span style=\"text-decoration: underline;\">Site du permis de conduire<\/span><\/a><\/p>\n<p style=\"text-align: center;\"><span style=\"text-decoration: underline;\"><a href=\"https:\/\/www.service-public.fr\/particuliers\/vosdroits\/N530\" target=\"_blank\" rel=\"noopener\">Infos permis de conduire<\/a><\/span><\/p>\n<p>[\/et_pb_text][\/et_pb_column][\/et_pb_row][et_pb_row _builder_version=\u00a0\u00bb4.9.3&Prime; _module_preset=\u00a0\u00bbdefault\u00a0\u00bb global_colors_info=\u00a0\u00bb{}\u00a0\u00bb][et_pb_column type=\u00a0\u00bb4_4&Prime; _builder_version=\u00a0\u00bb4.9.3&Prime; _module_preset=\u00a0\u00bbdefault\u00a0\u00bb global_colors_info=\u00a0\u00bb{}\u00a0\u00bb][et_pb_divider color=\u00a0\u00bb#29176D\u00a0\u00bb divider_weight=\u00a0\u00bb5px\u00a0\u00bb _builder_version=\u00a0\u00bb4.9.3&Prime; _module_preset=\u00a0\u00bbdefault\u00a0\u00bb global_colors_info=\u00a0\u00bb{}\u00a0\u00bb][\/et_pb_divider][\/et_pb_column][\/et_pb_row][et_pb_row _builder_version=\u00a0\u00bb4.9.3&Prime; _module_preset=\u00a0\u00bbdefault\u00a0\u00bb global_colors_info=\u00a0\u00bb{}\u00a0\u00bb][et_pb_column type=\u00a0\u00bb4_4&Prime; _builder_version=\u00a0\u00bb4.9.3&Prime; _module_preset=\u00a0\u00bbdefault\u00a0\u00bb global_colors_info=\u00a0\u00bb{}\u00a0\u00bb][et_pb_text _builder_version=\u00a0\u00bb4.9.3&Prime; _module_preset=\u00a0\u00bbdefault\u00a0\u00bb header_2_text_align=\u00a0\u00bbcenter\u00a0\u00bb global_colors_info=\u00a0\u00bb{}\u00a0\u00bb]<\/p>\n<h2><span style=\"text-decoration: underline;\">Les d\u00e9marches d&rsquo;urbanisme<\/span><\/h2>\n<p>[\/et_pb_text][\/et_pb_column][\/et_pb_row][et_pb_row column_structure=\u00a0\u00bb1_3,1_3,1_3&Prime; _builder_version=\u00a0\u00bb4.14.5&Prime; _module_preset=\u00a0\u00bbdefault\u00a0\u00bb global_colors_info=\u00a0\u00bb{}\u00a0\u00bb][et_pb_column type=\u00a0\u00bb1_3&Prime; _builder_version=\u00a0\u00bb4.9.3&Prime; _module_preset=\u00a0\u00bbdefault\u00a0\u00bb global_colors_info=\u00a0\u00bb{}\u00a0\u00bb][et_pb_text _builder_version=\u00a0\u00bb4.9.3&Prime; _module_preset=\u00a0\u00bbdefault\u00a0\u00bb header_4_text_align=\u00a0\u00bbcenter\u00a0\u00bb custom_margin=\u00a0\u00bb0px||0px||true|false\u00a0\u00bb global_colors_info=\u00a0\u00bb{}\u00a0\u00bb]<\/p>\n<h4>D\u00e9claration pr\u00e9alable de travaux<\/h4>\n<p>[\/et_pb_text][et_pb_image src=\u00a0\u00bbhttps:\/\/laines-aux-bois.fr\/wp-content\/uploads\/2021\/04\/travaux.png\u00a0\u00bb title_text=\u00a0\u00bbtravaux\u00a0\u00bb align=\u00a0\u00bbcenter\u00a0\u00bb align_tablet=\u00a0\u00bb\u00a0\u00bb align_phone=\u00a0\u00bb\u00a0\u00bb align_last_edited=\u00a0\u00bbon|desktop\u00a0\u00bb _builder_version=\u00a0\u00bb4.9.3&Prime; _module_preset=\u00a0\u00bbdefault\u00a0\u00bb max_width=\u00a0\u00bb80%\u00a0\u00bb max_width_tablet=\u00a0\u00bb\u00a0\u00bb max_width_phone=\u00a0\u00bb\u00a0\u00bb max_width_last_edited=\u00a0\u00bbon|phone\u00a0\u00bb module_alignment=\u00a0\u00bbcenter\u00a0\u00bb module_alignment_tablet=\u00a0\u00bbcenter\u00a0\u00bb module_alignment_phone=\u00a0\u00bb\u00a0\u00bb module_alignment_last_edited=\u00a0\u00bbon|tablet\u00a0\u00bb global_colors_info=\u00a0\u00bb{}\u00a0\u00bb][\/et_pb_image][et_pb_text _builder_version=\u00a0\u00bb4.9.4&Prime; _module_preset=\u00a0\u00bbdefault\u00a0\u00bb global_colors_info=\u00a0\u00bb{}\u00a0\u00bb]<\/p>\n<p style=\"text-align: center;\"><a href=\"https:\/\/www.service-public.fr\/particuliers\/vosdroits\/F17578\" target=\"_blank\" rel=\"noopener\"><u>D\u00e9claration pr\u00e9alable<\/u><\/a><\/p>\n<p>[\/et_pb_text][\/et_pb_column][et_pb_column type=\u00a0\u00bb1_3&Prime; _builder_version=\u00a0\u00bb4.9.3&Prime; _module_preset=\u00a0\u00bbdefault\u00a0\u00bb global_colors_info=\u00a0\u00bb{}\u00a0\u00bb][et_pb_text _builder_version=\u00a0\u00bb4.9.3&Prime; _module_preset=\u00a0\u00bbdefault\u00a0\u00bb header_4_text_align=\u00a0\u00bbcenter\u00a0\u00bb custom_margin=\u00a0\u00bb0px||0px||true|false\u00a0\u00bb global_colors_info=\u00a0\u00bb{}\u00a0\u00bb]<\/p>\n<h4>Permis de construire<\/h4>\n<p>[\/et_pb_text][et_pb_image src=\u00a0\u00bbhttps:\/\/laines-aux-bois.fr\/wp-content\/uploads\/2021\/04\/permis-de-construire.png\u00a0\u00bb title_text=\u00a0\u00bbpermis de construire\u00a0\u00bb _builder_version=\u00a0\u00bb4.9.3&Prime; _module_preset=\u00a0\u00bbdefault\u00a0\u00bb max_width=\u00a0\u00bb80%\u00a0\u00bb max_width_tablet=\u00a0\u00bb70%\u00a0\u00bb max_width_phone=\u00a0\u00bb100%\u00a0\u00bb max_width_last_edited=\u00a0\u00bbon|phone\u00a0\u00bb module_alignment=\u00a0\u00bbcenter\u00a0\u00bb global_colors_info=\u00a0\u00bb{}\u00a0\u00bb][\/et_pb_image][et_pb_text _builder_version=\u00a0\u00bb4.9.4&Prime; _module_preset=\u00a0\u00bbdefault\u00a0\u00bb global_colors_info=\u00a0\u00bb{}\u00a0\u00bb]<\/p>\n<p style=\"text-align: center;\"><span style=\"text-decoration: underline;\"><a href=\"https:\/\/www.service-public.fr\/particuliers\/vosdroits\/F1986\" target=\"_blank\" rel=\"noopener\">Permis de construire<\/a><\/span><\/p>\n<p>[\/et_pb_text][\/et_pb_column][et_pb_column type=\u00a0\u00bb1_3&Prime; _builder_version=\u00a0\u00bb4.9.3&Prime; _module_preset=\u00a0\u00bbdefault\u00a0\u00bb global_colors_info=\u00a0\u00bb{}\u00a0\u00bb][et_pb_text _builder_version=\u00a0\u00bb4.14.5&Prime; _module_preset=\u00a0\u00bbdefault\u00a0\u00bb global_colors_info=\u00a0\u00bb{}\u00a0\u00bb]<\/p>\n<h4 style=\"text-align: center;\">D\u00e9marche d&rsquo;urbanisme en ligne<\/h4>\n<p>[\/et_pb_text][et_pb_image src=\u00a0\u00bbhttps:\/\/laines-aux-bois.fr\/wp-content\/uploads\/2022\/01\/SITE-URBANISME-e1641748944778.jpg\u00a0\u00bb title_text=\u00a0\u00bbSITE URBANISME\u00a0\u00bb align=\u00a0\u00bbcenter\u00a0\u00bb _builder_version=\u00a0\u00bb4.14.5&Prime; _module_preset=\u00a0\u00bbdefault\u00a0\u00bb global_colors_info=\u00a0\u00bb{}\u00a0\u00bb][\/et_pb_image][et_pb_text _builder_version=\u00a0\u00bb4.14.5&Prime; _module_preset=\u00a0\u00bbdefault\u00a0\u00bb global_colors_info=\u00a0\u00bb{}\u00a0\u00bb]<\/p>\n<p style=\"text-align: center;\"><span style=\"text-decoration: underline;\"><a href=\"https:\/\/gnau14.operis.fr\/troyes-cm\/gnau\/#\/\" target=\"_blank\" rel=\"noopener\" title=\"Commencer une d\u00e9marche\">Commencer une d\u00e9marche<\/a><\/span><\/p>\n<p>[\/et_pb_text][\/et_pb_column][\/et_pb_row][\/et_pb_section]<\/p>\n","protected":false},"excerpt":{"rendered":"<p>Vos d\u00e9marchesLes \u00e9v\u00e8nements de la viePapiers d&rsquo;identit\u00e9Carte d&rsquo;identit\u00e9Demande de carte d&rsquo;identit\u00e9PasseportDemande de passeportSortie de territoire pour les mineursDemande d&rsquo;autorisation Formulaire \u00e0 t\u00e9l\u00e9chargerEtat civilNaissanceD\u00e9claration de naissance Acte de naissance Formulaire d&rsquo;\u00e9tat civilMariage, PACS, Bapt\u00eameActe de mariageD\u00e9c\u00e8sActe de d\u00e9c\u00e8sRecensement, JDC (Journ\u00e9e D\u00e9fense et Citoyennet\u00e9)Informations AttestationLes droits et d\u00e9marches pour les particuliersInscription sur les listes \u00e9lectoralesInscriptionVote par procurationDemande [&hellip;]<\/p>\n","protected":false},"author":1,"featured_media":0,"parent":0,"menu_order":0,"comment_status":"closed","ping_status":"closed","template":"","meta":{"_et_pb_use_builder":"on","_et_pb_old_content":"<!-- wp:divi\/placeholder \/-->","_et_gb_content_width":"","cybocfi_hide_featured_image":"","spay_email":"","footnotes":""},"class_list":["post-143","page","type-page","status-publish","hentry"],"yoast_head":"<!-- This site is optimized with the Yoast SEO plugin v23.4 - https:\/\/yoast.com\/wordpress\/plugins\/seo\/ -->\n<title>Vos d\u00e9marches - Laines-aux-Bois<\/title>\n<meta name=\"description\" content=\"Laines-aux-Bois Vos d\u00e9marches -\" \/>\n<meta name=\"robots\" content=\"index, follow, max-snippet:-1, max-image-preview:large, max-video-preview:-1\" \/>\n<link rel=\"canonical\" href=\"https:\/\/laines-aux-bois.fr\/?page_id=143\" \/>\n<meta property=\"og:locale\" content=\"fr_FR\" \/>\n<meta property=\"og:type\" content=\"article\" \/>\n<meta property=\"og:title\" content=\"Vos d\u00e9marches - Laines-aux-Bois\" \/>\n<meta property=\"og:description\" content=\"Laines-aux-Bois Vos d\u00e9marches -\" \/>\n<meta property=\"og:url\" content=\"https:\/\/laines-aux-bois.fr\/?page_id=143\" \/>\n<meta property=\"og:site_name\" content=\"Laines-aux-Bois\" \/>\n<meta property=\"article:publisher\" content=\"https:\/\/www.facebook.com\/Mairie-de-Laines-aux-Bois-113150383645438\" \/>\n<meta property=\"article:modified_time\" content=\"2022-03-07T15:15:30+00:00\" \/>\n<meta name=\"twitter:card\" content=\"summary_large_image\" \/>\n<meta name=\"twitter:label1\" content=\"Dur\u00e9e de lecture estim\u00e9e\" \/>\n\t<meta name=\"twitter:data1\" content=\"10 minutes\" \/>\n<script type=\"application\/ld+json\" class=\"yoast-schema-graph\">{\"@context\":\"https:\/\/schema.org\",\"@graph\":[{\"@type\":\"WebPage\",\"@id\":\"https:\/\/laines-aux-bois.fr\/?page_id=143\",\"url\":\"https:\/\/laines-aux-bois.fr\/?page_id=143\",\"name\":\"Vos d\u00e9marches - Laines-aux-Bois\",\"isPartOf\":{\"@id\":\"https:\/\/laines-aux-bois.fr\/#website\"},\"datePublished\":\"2021-03-15T15:08:01+00:00\",\"dateModified\":\"2022-03-07T15:15:30+00:00\",\"description\":\"Laines-aux-Bois Vos d\u00e9marches -\",\"breadcrumb\":{\"@id\":\"https:\/\/laines-aux-bois.fr\/?page_id=143#breadcrumb\"},\"inLanguage\":\"fr-FR\",\"potentialAction\":[{\"@type\":\"ReadAction\",\"target\":[\"https:\/\/laines-aux-bois.fr\/?page_id=143\"]}]},{\"@type\":\"BreadcrumbList\",\"@id\":\"https:\/\/laines-aux-bois.fr\/?page_id=143#breadcrumb\",\"itemListElement\":[{\"@type\":\"ListItem\",\"position\":1,\"name\":\"Accueil\",\"item\":\"https:\/\/laines-aux-bois.fr\/\"},{\"@type\":\"ListItem\",\"position\":2,\"name\":\"Vos d\u00e9marches\"}]},{\"@type\":\"WebSite\",\"@id\":\"https:\/\/laines-aux-bois.fr\/#website\",\"url\":\"https:\/\/laines-aux-bois.fr\/\",\"name\":\"Laines-aux-Bois\",\"description\":\"Site officiel de la commune\",\"publisher\":{\"@id\":\"https:\/\/laines-aux-bois.fr\/#organization\"},\"potentialAction\":[{\"@type\":\"SearchAction\",\"target\":{\"@type\":\"EntryPoint\",\"urlTemplate\":\"https:\/\/laines-aux-bois.fr\/?s={search_term_string}\"},\"query-input\":{\"@type\":\"PropertyValueSpecification\",\"valueRequired\":true,\"valueName\":\"search_term_string\"}}],\"inLanguage\":\"fr-FR\"},{\"@type\":\"Organization\",\"@id\":\"https:\/\/laines-aux-bois.fr\/#organization\",\"name\":\"Mairie de Laines-aux-Bois\",\"url\":\"https:\/\/laines-aux-bois.fr\/\",\"logo\":{\"@type\":\"ImageObject\",\"inLanguage\":\"fr-FR\",\"@id\":\"https:\/\/laines-aux-bois.fr\/#\/schema\/logo\/image\/\",\"url\":\"https:\/\/laines-aux-bois.fr\/wp-content\/uploads\/2021\/03\/Logo_Laines-aux-Bois-scaled-e1619425296534.jpg\",\"contentUrl\":\"https:\/\/laines-aux-bois.fr\/wp-content\/uploads\/2021\/03\/Logo_Laines-aux-Bois-scaled-e1619425296534.jpg\",\"width\":710,\"height\":512,\"caption\":\"Mairie de Laines-aux-Bois\"},\"image\":{\"@id\":\"https:\/\/laines-aux-bois.fr\/#\/schema\/logo\/image\/\"},\"sameAs\":[\"https:\/\/www.facebook.com\/Mairie-de-Laines-aux-Bois-113150383645438\"]}]}<\/script>\n<!-- \/ Yoast SEO plugin. -->","yoast_head_json":{"title":"Vos d\u00e9marches - Laines-aux-Bois","description":"Laines-aux-Bois Vos d\u00e9marches -","robots":{"index":"index","follow":"follow","max-snippet":"max-snippet:-1","max-image-preview":"max-image-preview:large","max-video-preview":"max-video-preview:-1"},"canonical":"https:\/\/laines-aux-bois.fr\/?page_id=143","og_locale":"fr_FR","og_type":"article","og_title":"Vos d\u00e9marches - Laines-aux-Bois","og_description":"Laines-aux-Bois Vos d\u00e9marches -","og_url":"https:\/\/laines-aux-bois.fr\/?page_id=143","og_site_name":"Laines-aux-Bois","article_publisher":"https:\/\/www.facebook.com\/Mairie-de-Laines-aux-Bois-113150383645438","article_modified_time":"2022-03-07T15:15:30+00:00","twitter_card":"summary_large_image","twitter_misc":{"Dur\u00e9e de lecture estim\u00e9e":"10 minutes"},"schema":{"@context":"https:\/\/schema.org","@graph":[{"@type":"WebPage","@id":"https:\/\/laines-aux-bois.fr\/?page_id=143","url":"https:\/\/laines-aux-bois.fr\/?page_id=143","name":"Vos d\u00e9marches - Laines-aux-Bois","isPartOf":{"@id":"https:\/\/laines-aux-bois.fr\/#website"},"datePublished":"2021-03-15T15:08:01+00:00","dateModified":"2022-03-07T15:15:30+00:00","description":"Laines-aux-Bois Vos d\u00e9marches -","breadcrumb":{"@id":"https:\/\/laines-aux-bois.fr\/?page_id=143#breadcrumb"},"inLanguage":"fr-FR","potentialAction":[{"@type":"ReadAction","target":["https:\/\/laines-aux-bois.fr\/?page_id=143"]}]},{"@type":"BreadcrumbList","@id":"https:\/\/laines-aux-bois.fr\/?page_id=143#breadcrumb","itemListElement":[{"@type":"ListItem","position":1,"name":"Accueil","item":"https:\/\/laines-aux-bois.fr\/"},{"@type":"ListItem","position":2,"name":"Vos d\u00e9marches"}]},{"@type":"WebSite","@id":"https:\/\/laines-aux-bois.fr\/#website","url":"https:\/\/laines-aux-bois.fr\/","name":"Laines-aux-Bois","description":"Site officiel de la commune","publisher":{"@id":"https:\/\/laines-aux-bois.fr\/#organization"},"potentialAction":[{"@type":"SearchAction","target":{"@type":"EntryPoint","urlTemplate":"https:\/\/laines-aux-bois.fr\/?s={search_term_string}"},"query-input":{"@type":"PropertyValueSpecification","valueRequired":true,"valueName":"search_term_string"}}],"inLanguage":"fr-FR"},{"@type":"Organization","@id":"https:\/\/laines-aux-bois.fr\/#organization","name":"Mairie de Laines-aux-Bois","url":"https:\/\/laines-aux-bois.fr\/","logo":{"@type":"ImageObject","inLanguage":"fr-FR","@id":"https:\/\/laines-aux-bois.fr\/#\/schema\/logo\/image\/","url":"https:\/\/laines-aux-bois.fr\/wp-content\/uploads\/2021\/03\/Logo_Laines-aux-Bois-scaled-e1619425296534.jpg","contentUrl":"https:\/\/laines-aux-bois.fr\/wp-content\/uploads\/2021\/03\/Logo_Laines-aux-Bois-scaled-e1619425296534.jpg","width":710,"height":512,"caption":"Mairie de Laines-aux-Bois"},"image":{"@id":"https:\/\/laines-aux-bois.fr\/#\/schema\/logo\/image\/"},"sameAs":["https:\/\/www.facebook.com\/Mairie-de-Laines-aux-Bois-113150383645438"]}]}},"_links":{"self":[{"href":"https:\/\/laines-aux-bois.fr\/index.php?rest_route=\/wp\/v2\/pages\/143"}],"collection":[{"href":"https:\/\/laines-aux-bois.fr\/index.php?rest_route=\/wp\/v2\/pages"}],"about":[{"href":"https:\/\/laines-aux-bois.fr\/index.php?rest_route=\/wp\/v2\/types\/page"}],"author":[{"embeddable":true,"href":"https:\/\/laines-aux-bois.fr\/index.php?rest_route=\/wp\/v2\/users\/1"}],"replies":[{"embeddable":true,"href":"https:\/\/laines-aux-bois.fr\/index.php?rest_route=%2Fwp%2Fv2%2Fcomments&post=143"}],"version-history":[{"count":22,"href":"https:\/\/laines-aux-bois.fr\/index.php?rest_route=\/wp\/v2\/pages\/143\/revisions"}],"predecessor-version":[{"id":1858,"href":"https:\/\/laines-aux-bois.fr\/index.php?rest_route=\/wp\/v2\/pages\/143\/revisions\/1858"}],"wp:attachment":[{"href":"https:\/\/laines-aux-bois.fr\/index.php?rest_route=%2Fwp%2Fv2%2Fmedia&parent=143"}],"curies":[{"name":"wp","href":"https:\/\/api.w.org\/{rel}","templated":true}]}}